{"id":967,"date":"2013-11-17T09:47:20","date_gmt":"2013-11-17T08:47:20","guid":{"rendered":"http:\/\/www.worwani.eu\/?page_id=967"},"modified":"2013-11-17T09:49:32","modified_gmt":"2013-11-17T08:49:32","slug":"rakousko-a-slovinsko-2007-cast-druha","status":"publish","type":"page","link":"https:\/\/www.worwani.eu\/?page_id=967","title":{"rendered":"Rakousko a Slovinsko 2007 &#8211; \u010d\u00e1st druh\u00e1"},"content":{"rendered":"<div><\/div>\n<p>\u2026 a je to tady. Pokra\u010dov\u00e1n\u00ed na\u0161\u00ed \u201etour de WorWan\u00ed\u201c &#8211; Slovinsko a Rakousko 2007.<\/p>\n<p><img loading=\"lazy\" decoding=\"async\" class=\"size-full wp-image-969 alignleft\" style=\"font-size: 12px; line-height: 18px;\" alt=\"clanek_slovinsko_07\" src=\"http:\/\/www.worwani.eu\/wp-content\/uploads\/2013\/11\/clanek_slovinsko_07.jpg\" width=\"210\" height=\"157\" srcset=\"https:\/\/www.worwani.eu\/wp-content\/uploads\/2013\/11\/clanek_slovinsko_07.jpg 210w, https:\/\/www.worwani.eu\/wp-content\/uploads\/2013\/11\/clanek_slovinsko_07-200x150.jpg 200w, https:\/\/www.worwani.eu\/wp-content\/uploads\/2013\/11\/clanek_slovinsko_07-150x112.jpg 150w, https:\/\/www.worwani.eu\/wp-content\/uploads\/2013\/11\/clanek_slovinsko_07-160x120.jpg 160w\" sizes=\"auto, (max-width: 210px) 100vw, 210px\" \/>Je\u0161t\u011b v\u0161ak, ne\u017e se dostanu k ud\u00e1lostem, kter\u00e9 n\u00e1sledovaly b\u011bhem dal\u0161\u00edch dn\u016f na\u0161eho pobytu ve Slovinsku a Rakousku, mus\u00edm up\u0159esnit dv\u011b v\u011bci. Zaprv\u00e9 \u2013 co\u017e u\u017e jsem psal v koment\u00e1\u0159\u00edch k p\u0159edchoz\u00edmu \u010dl\u00e1nku \u2013 opravuji jm\u00e9no na\u0161eho spolup\u00e1dlera Zaga. Tak\u017ee \u2013 ne ZAK, ani ZACH (vi\u010f Karlos), ale ZAG :o)<\/p>\n<p>Ta druh\u00e1 v\u011bc se t\u00fdk\u00e1 \u0159ekl bych a\u017e dinosaura, kter\u00fd s n\u00e1mi nasazuje sv\u016fj \u017eivot pro pobaven\u00ed v\u0161ech ostatn\u00edch (L\u016f\u010fa se jmenuje, pokud to n\u011bkomu nedo\u0161lo). Bylo mi vynad\u00e1no, \u017ee ho ozna\u010dujeme za seniora pr\u00e1v\u011b te\u010f, kdy\u017e si p\u0159ipad\u00e1 v nejlep\u0161\u00edm v\u011bku a hodl\u00e1 si zalo\u017eit rodinu. Podle jeho slov mu je 27. Tak\u017ee p\u0159\u00e1tel\u00e9 \u2013 v\u00edt\u00e1me mezi sebou L\u016f\u010fovo mlad\u0161\u00edho, 27 let\u00e9ho bratra. Douf\u00e1m, \u017ee to bude stejn\u011b kvalitn\u00ed borec jako jeho p\u0159edch\u016fdce.<\/p>\n<p>A te\u010f zp\u00e1tky na vodu. \u010cekala n\u00e1s ned\u011ble, v po\u0159ad\u00ed t\u0159et\u00ed den p\u00e1dlov\u00e1n\u00ed. Jeliko\u017e zn\u00e1me po\u0159ekadlo tvrd\u00edc\u00ed \u201e\u017ee t\u0159et\u00ed den je kriticky\u201c, napl\u00e1novali jsme si \u00fasek doln\u00ed So\u010di, kter\u00fd byl asi nejt\u011b\u017e\u0161\u00ed z cel\u00e9 \u201etour de WorWan\u00ed\u201c- obt\u00ed\u017enost WW3-WW4 (nem\u00fdl\u00edm-li se). R\u00e1no jsme\u00a0posn\u00eddali, pobavili se hr\u016fzn\u00fdm zjevem na\u0161eho Jesuse, kter\u00fd byl p\u0159es noc neust\u00e1l\u00fdm b\u011bh\u00e1n\u00edm na onu m\u00edstnost, kde si jsou v\u0161ichni rovni, tot\u00e1ln\u011b vy\u010derpan\u00fd a vyrazili na vodu. Zpo\u010d\u00e1tku to byla hezk\u00e1 rozp\u00e1dlova\u010dka, kter\u00e1 se hodila na na\u0161e zatuhl\u00fd klouby a svaly. A pak to v\u0161echno za\u010dalo.<\/p>\n<p><img loading=\"lazy\" decoding=\"async\" class=\"size-medium wp-image-970 alignright\" style=\"font-size: 12px; line-height: 18px;\" alt=\"clanek_slovinsko_08\" src=\"http:\/\/www.worwani.eu\/wp-content\/uploads\/2013\/11\/clanek_slovinsko_08.jpg\" width=\"210\" height=\"157\" srcset=\"https:\/\/www.worwani.eu\/wp-content\/uploads\/2013\/11\/clanek_slovinsko_08.jpg 210w, https:\/\/www.worwani.eu\/wp-content\/uploads\/2013\/11\/clanek_slovinsko_08-200x150.jpg 200w, https:\/\/www.worwani.eu\/wp-content\/uploads\/2013\/11\/clanek_slovinsko_08-150x112.jpg 150w, https:\/\/www.worwani.eu\/wp-content\/uploads\/2013\/11\/clanek_slovinsko_08-160x120.jpg 160w\" sizes=\"auto, (max-width: 210px) 100vw, 210px\" \/>Kr\u00e1sn\u00fd charakter \u0159eky \u2013 v\u017edycky t\u011b\u017ek\u00fd \u00fasek a pak lagunka, kde se dalo v p\u0159\u00edpad\u011b pot\u0159eby zdvihnout (\u017eejo Karlosi, D\u00e1\u0148o, a kdo v\u00ed kdo je\u0161t\u011b :o)). Od za\u010d\u00e1tku jsme byli Zagem, kter\u00fd So\u010du u\u017e jel, varov\u00e1ni, \u017ee n\u00e1s \u010dek\u00e1 sifonek, ale d\u00edky jeho bravurn\u00edmu naj\u00ed\u017ed\u011bn\u00ed stopy a d\u00e1le upozorn\u011bn\u00ed (nau\u010dil n\u00e1s sign\u00e1ly \u2013 kam se hrabou rudo\u0161i) jsme se v pohod\u011b vyhnuli. Nutno ale \u0159\u00edct, \u017ee kdyby bylo v\u00edc vody, byl by to mazec (nebo porno, jak \u0159\u00edk\u00e1 L\u016f\u010fa). Jeli jsme v nau\u010den\u00fdch dvoji\u010dk\u00e1ch a fakt si to u\u017e\u00edvali \u2013 par\u00e1dn\u00ed voda a skv\u011bl\u00fd po\u010das\u00ed.<\/p>\n<p>Dole jsme vylezli a \u0161li se pod\u00edvat, co n\u00e1sledovalo. Jmenovalo se to \u201eslalomka\u201c. Po shl\u00e9dnut\u00ed prvn\u00edch 200m jsme se rozhodli ud\u011blat v r\u00e1mci WorWa\u0148\u016f vnit\u0159n\u00ed segregaci. WorWan\u00ed A (kde byli Karlos, j\u00e1 a D\u00e1\u0148a) se rozhodli jet jen prvn\u00edch p\u011bt branek) a WorWan\u00ed B (Bezi), kter\u00fd pojede s ostatn\u00edmi d\u00e1l. Jesus to vzdal, p\u00e1\u010d mu to zdravotn\u00ed stav nedovoloval (marn\u011b jsme \u010dekali na z\u00e1zrak).<\/p>\n<p>Kluci n\u00e1m to najeli a jistili (nebo n\u00e1m to aspo\u0148 tvrdili) a tak jsme vyrazili. Skv\u011ble jsem si to vymyslel, jak to pojedu, ale zapomn\u011bl jsem to \u0159\u00edct kajakovi \u2013 tak\u017ee jsem se po mal\u00e9 diskuzi vydal jeho sm\u011brem, nicm\u00e9n\u011b jsem to ust\u00e1l a zastavil. Karlos si to dal v pohod\u011b a nejl\u00edp si to najel Dan\u00edk \u2013 teda jen do chv\u00edle, ne\u017e se mu jeden kret\u00e9n op\u0159el zpoza kamenu do lodi a p\u0159evr\u00e1til ho. Pak mu je\u0161t\u011b, asi pro maxim\u00e1ln\u00ed uspokojen\u00ed, najel na dno, tak\u017ee D\u00e1\u0148a zdvihl a\u017e napodruh\u00fd. Zrovna kdy\u017e jsem ho m\u00edjel (D\u00e1\u0148u), zrovna zp\u00edval sv\u00fdm \u0161tudovan\u00fdm hl\u00e1skem \u201esr\u00e1\u010d, sr\u00e1\u010d\u201c. WorWan\u00ed A pak vylezli a ostatn\u00ed pokra\u010dovali. N\u00e1\u0161 mil\u00fd kret\u00e9n je\u0161t\u011b sta\u010dil Bezimu n\u011bkde najet na ruku a t\u00edm mu zp\u0159\u00edjemnit zbytek vody. Po\u010dkali jsme na kluky, Zag s BoBym si to dali je\u0161t\u011b jednou a pak jsme vyrazili zp\u011bt do Bovce zabalit v\u011bci. Op\u011bt ke v\u0161eobecn\u00e9mu zklam\u00e1n\u00ed &#8211; po\u010det krys = 0.<\/p>\n<p><img loading=\"lazy\" decoding=\"async\" class=\"size-medium wp-image-972 alignleft\" style=\"font-size: 12px; line-height: 18px;\" alt=\"clanek_slovinsko_10\" src=\"http:\/\/www.worwani.eu\/wp-content\/uploads\/2013\/11\/clanek_slovinsko_10.jpg\" width=\"210\" height=\"139\" srcset=\"https:\/\/www.worwani.eu\/wp-content\/uploads\/2013\/11\/clanek_slovinsko_10.jpg 210w, https:\/\/www.worwani.eu\/wp-content\/uploads\/2013\/11\/clanek_slovinsko_10-150x99.jpg 150w, https:\/\/www.worwani.eu\/wp-content\/uploads\/2013\/11\/clanek_slovinsko_10-120x80.jpg 120w\" sizes=\"auto, (max-width: 210px) 100vw, 210px\" \/>A v Bovci to za\u010dalo. Rozhodli jsme se ud\u011blat ned\u011bli v\u00ednovou a ka\u017ed\u00fd jsme se ujali jedn\u00e9 pet lahve. Cesta do Rakouska vedla p\u0159es kr\u00e1snou krajinu horsk\u00fdch h\u0159eben\u016f. Bylo to tak \u00fachvatn\u00e9, \u017ee jsme si museli v ka\u017ed\u00fd zat\u00e1\u010dce d\u00e1l hlt na zdrav\u00ed. Nane\u0161t\u011bst\u00ed bylo t\u011bch zat\u00e1\u010dek asi 50 (teda co si pamatuju). Cesta n\u00e1m utekla hodn\u011b rychle. Nejh\u016f\u0159 jsme dopadli my s Karlosem, p\u00e1\u010d v r\u00e1mci kamar\u00e1dsk\u00e9 podpory zdrav\u00e9ho \u017eivotn\u00edho stylu jsme necht\u011bli dopustit, aby ostatn\u00ed WorWan\u00ed zkonzumovali v\u011bt\u0161\u00ed d\u00e1vku, ne\u017e jsou l\u00e9ka\u0159i doporu\u010den\u00e9 4 dcl v\u00edna denn\u011b. Pamatuju si je\u0161t\u011b zast\u00e1vku na h\u0159ebenu. Karlos pr\u00fd taky (ale a\u017e po tom, co mu to vypr\u00e1v\u011bli). Zbytek nevim. Nevim, pro\u010d jsme si s Karlosem kupovali chipsy za 50 eur, pro\u010d jsem cht\u011bl na benzince pozvat na benzin je\u0161t\u011b dal\u0161\u00ed t\u0159i auta, pro\u010d jsem m\u011bl r\u00e1no polit\u00fd tri\u010dko a kde jsme se to vlastn\u011b r\u00e1no probudili. Ale Pavla \u0159\u00edkala, \u017ee jsme byli mil\u00ed, hrav\u00ed, v z\u00e1v\u011bru u\u017e nemluvn\u00ed brou\u010dci:o)R\u00e1d bych zde popsal, jak se m\u011bli i ostatn\u00ed b\u011bhem p\u0159ejezdu, ale co v\u00edm, tak nic moc. Spali, mluvili a tak.<\/p>\n<p><img loading=\"lazy\" decoding=\"async\" class=\"size-medium wp-image-971 alignright\" style=\"font-size: 12px; line-height: 18px;\" alt=\"clanek_slovinsko_09\" src=\"http:\/\/www.worwani.eu\/wp-content\/uploads\/2013\/11\/clanek_slovinsko_09.jpg\" width=\"210\" height=\"139\" srcset=\"https:\/\/www.worwani.eu\/wp-content\/uploads\/2013\/11\/clanek_slovinsko_09.jpg 210w, https:\/\/www.worwani.eu\/wp-content\/uploads\/2013\/11\/clanek_slovinsko_09-150x99.jpg 150w, https:\/\/www.worwani.eu\/wp-content\/uploads\/2013\/11\/clanek_slovinsko_09-120x80.jpg 120w\" sizes=\"auto, (max-width: 210px) 100vw, 210px\" \/><\/p>\n<p>R\u00e1no bylo trochu chladn\u011bji, ne\u017e jsme byli zvykl\u00ed. Nicm\u00e9n\u011b jsme se vykopali a za\u010dali sn\u00eddat. B\u011bhem sn\u00eddan\u011b se k n\u00e1m p\u0159ibl\u00ed\u017eil Zag a \u0159ekl n\u011bco, \u010demu dodnes nerozum\u00edm. Uk\u00e1zal na n\u00e1s 4 WorWan\u011b a pravil.\u201c Tak mil\u00ed WorWani, TADY kon\u010dej zv\u00ed\u0159ata (uk\u00e1zal na m\u011b a Karlose), a TADY za\u010d\u00ednaj lidi (a koukal na Beziho s D\u00e1\u0148ou).\u201c Nech\u00e1pu, nevim \u2013 je asi n\u011bjakej divnej \u2013 vi\u010f, Karlosi? :o)<\/p>\n<p>Po sn\u00eddani jsme nask\u00e1kali (Karlos dolezl) do aut a hur\u00e1 nahoru. Isel je pr\u00fd vodnatka. Ze b\u0159ehu to a\u017e tak divoce nevypadalo, mo\u017en\u00e1 proto jsme se ani tak neb\u00e1li \u2013 co\u017e byla asi chyba. Kluci je\u0161t\u011b ve\u010der vy\u010detli, \u017ee naho\u0159e je n\u011bjak\u00e1 WW5, tak jsem se na to jeli pod\u00edvat (v noci jsem pr\u00fd tvrdil, \u017ee u\u017e se toho \u00faseku nem\u016f\u017eu do\u010dkat, ale\u00a0sp\u00ed\u0161 si kluci vym\u00fd\u0161leli. To bych nikdy ne\u0159ekl). Chvilku na to koukali, ale nakonec se rozhodli nejet.\u00a0<img loading=\"lazy\" decoding=\"async\" class=\"size-medium wp-image-973 alignleft\" style=\"font-size: 12px; line-height: 18px;\" alt=\"clanek_slovinsko_11\" src=\"http:\/\/www.worwani.eu\/wp-content\/uploads\/2013\/11\/clanek_slovinsko_11.jpg\" width=\"210\" height=\"139\" srcset=\"https:\/\/www.worwani.eu\/wp-content\/uploads\/2013\/11\/clanek_slovinsko_11.jpg 210w, https:\/\/www.worwani.eu\/wp-content\/uploads\/2013\/11\/clanek_slovinsko_11-150x99.jpg 150w, https:\/\/www.worwani.eu\/wp-content\/uploads\/2013\/11\/clanek_slovinsko_11-120x80.jpg 120w\" sizes=\"auto, (max-width: 210px) 100vw, 210px\" \/>Sjeli jsme n\u00ed\u017e \u2013 \u00fasek zna\u010den\u00fd WW3-WW4. WorWan\u00ed A se na to moc nec\u00edtili, tak sjeli je\u0161t\u011b n\u00ed\u017e na WW2-WW3+ a po\u010dkali ne\u017e to ostatn\u00ed sjedou a tam se k nim p\u0159idali. A kone\u010dne to bylo tady. Hur\u00e1. Sl\u00e1va. To by kur\u0148a bylo, aby p\u0159i 8 kajak\u00e1\u0159\u00edch za 4 dny na vod\u011b nebyla \u017e\u00e1dn\u00e1 krysa. Ten den si Karlos st\u0159ihnul rovnou 2 (mus\u00edm ale \u0159\u00edct \u017ee vyb\u00e1to jsme m\u011bli s D\u00e1\u0148ou taky dost) a Jesus jednu. Tvrdil n\u00e1m, \u017ee to byla chyba materi\u00e1lu (mlel n\u011bco vo \u0161patn\u00fd \u0161prajd\u011b), ale v\u0161ichni jsme vid\u011bli, jak do toho v\u00e1lce spadnul jak brambora. Dole jsme si oddychli, chlapsky se popl\u00e1cali \u017ee jsme to zvl\u00e1dli, nabalili auta a vyjeli dom\u016f. Po cest\u011b se lehce pop\u00edjelo a do Brodu jsme dojeli kolem p\u016flnoci. \u017div\u00ed, zdrav\u00ed a hlavn\u011b se super z\u00e1\u017eitkama.<\/p>\n<p>D\u011bkuju moc za super vodu v\u0161em &#8211; WorWan\u00ed, Zagu, BoBy, Jesusi a L\u016f\u010fo a taky na\u0161im \u0159idi\u010d\u016fm Pafkovi a Pavle.<\/p>\n","protected":false},"excerpt":{"rendered":"<p>\u2026 a je to tady. Pokra\u010dov\u00e1n\u00ed na\u0161\u00ed \u201etour de WorWan\u00ed\u201c &#8211; Slovinsko a Rakousko 2007.<\/p>\n<p><img loading=\"lazy\" decoding=\"async\" class=\"size-full wp-image-969 alignleft\" style=\"font-size: 12px; line-height: 18px;\" alt=\"clanek_slovinsko_07\" src=\"http:\/\/www.worwani.eu\/wp-content\/uploads\/2013\/11\/clanek_slovinsko_07.jpg\" width=\"210\" height=\"157\" srcset=\"https:\/\/www.worwani.eu\/wp-content\/uploads\/2013\/11\/clanek_slovinsko_07.jpg 210w, https:\/\/www.worwani.eu\/wp-content\/uploads\/2013\/11\/clanek_slovinsko_07-200x150.jpg 200w, https:\/\/www.worwani.eu\/wp-content\/uploads\/2013\/11\/clanek_slovinsko_07-150x112.jpg 150w, https:\/\/www.worwani.eu\/wp-content\/uploads\/2013\/11\/clanek_slovinsko_07-160x120.jpg 160w\" sizes=\"auto, (max-width: 210px) 100vw, 210px\" \/>Je\u0161t\u011b v\u0161ak, ne\u017e se dostanu k ud\u00e1lostem, kter\u00e9 n\u00e1sledovaly b\u011bhem dal\u0161\u00edch dn\u016f na\u0161eho pobytu ve Slovinsku a Rakousku, mus\u00edm up\u0159esnit dv\u011b v\u011bci. Zaprv\u00e9 \u2013 co\u017e u\u017e jsem psal v koment\u00e1\u0159\u00edch k p\u0159edchoz\u00edmu \u010dl\u00e1nku \u2013 opravuji jm\u00e9no na\u0161eho spolup\u00e1dlera Zaga. Tak\u017ee \u2013 ne ZAK, ani ZACH (vi\u010f Karlos), ale ZAG :o)<\/p>\n<p>Ta druh\u00e1 v\u011bc se t\u00fdk\u00e1 \u0159ekl bych a\u017e  \u2026 <a href=\"https:\/\/www.worwani.eu\/?page_id=967\">pro pokra\u010dov\u00e1n\u00ed ve \u010dten\u00ed klikn\u011bte tady&#8230; <span class=\"meta-nav\">&rarr; <\/span><\/a><\/p>\n","protected":false},"author":2,"featured_media":0,"parent":797,"menu_order":0,"comment_status":"open","ping_status":"open","template":"","meta":{"_bbp_topic_count":0,"_bbp_reply_count":0,"_bbp_total_topic_count":0,"_bbp_total_reply_count":0,"_bbp_voice_count":0,"_bbp_anonymous_reply_count":0,"_bbp_topic_count_hidden":0,"_bbp_reply_count_hidden":0,"_bbp_forum_subforum_count":0,"footnotes":""},"class_list":["post-967","page","type-page","status-publish","hentry"],"_links":{"self":[{"href":"https:\/\/www.worwani.eu\/index.php?rest_route=\/wp\/v2\/pages\/967","targetHints":{"allow":["GET"]}}],"collection":[{"href":"https:\/\/www.worwani.eu\/index.php?rest_route=\/wp\/v2\/pages"}],"about":[{"href":"https:\/\/www.worwani.eu\/index.php?rest_route=\/wp\/v2\/types\/page"}],"author":[{"embeddable":true,"href":"https:\/\/www.worwani.eu\/index.php?rest_route=\/wp\/v2\/users\/2"}],"replies":[{"embeddable":true,"href":"https:\/\/www.worwani.eu\/index.php?rest_route=%2Fwp%2Fv2%2Fcomments&post=967"}],"version-history":[{"count":3,"href":"https:\/\/www.worwani.eu\/index.php?rest_route=\/wp\/v2\/pages\/967\/revisions"}],"predecessor-version":[{"id":974,"href":"https:\/\/www.worwani.eu\/index.php?rest_route=\/wp\/v2\/pages\/967\/revisions\/974"}],"up":[{"embeddable":true,"href":"https:\/\/www.worwani.eu\/index.php?rest_route=\/wp\/v2\/pages\/797"}],"wp:attachment":[{"href":"https:\/\/www.worwani.eu\/index.php?rest_route=%2Fwp%2Fv2%2Fmedia&parent=967"}],"curies":[{"name":"wp","href":"https:\/\/api.w.org\/{rel}","templated":true}]}}