{"id":82,"date":"2013-11-13T10:01:26","date_gmt":"2013-11-13T09:01:26","guid":{"rendered":"http:\/\/www.worwani.eu\/?page_id=82"},"modified":"2013-11-14T12:11:39","modified_gmt":"2013-11-14T11:11:39","slug":"a-zase-do-rakous","status":"publish","type":"page","link":"https:\/\/www.worwani.eu\/?page_id=82","title":{"rendered":"A zase do Rakous"},"content":{"rendered":"<blockquote><p><img loading=\"lazy\" decoding=\"async\" class=\"size-medium wp-image-297 alignleft\" style=\"line-height: 18px; font-style: normal; font-size: 12px;\" alt=\"Ybbs02\" src=\"http:\/\/www.worwani.eu\/wp-content\/uploads\/2013\/11\/Ybbs021-300x198.jpg\" width=\"300\" height=\"198\" srcset=\"https:\/\/www.worwani.eu\/wp-content\/uploads\/2013\/11\/Ybbs021-300x198.jpg 300w, https:\/\/www.worwani.eu\/wp-content\/uploads\/2013\/11\/Ybbs021-226x150.jpg 226w, https:\/\/www.worwani.eu\/wp-content\/uploads\/2013\/11\/Ybbs021-150x99.jpg 150w, https:\/\/www.worwani.eu\/wp-content\/uploads\/2013\/11\/Ybbs021-120x80.jpg 120w, https:\/\/www.worwani.eu\/wp-content\/uploads\/2013\/11\/Ybbs021.jpg 320w\" sizes=\"auto, (max-width: 300px) 100vw, 300px\" \/>Je\u0161t\u011b mi ani neuschlo hydro (pravda, jenom t\u0159i dny mi trvalo, ne\u017e jsem si toho lo\u010f\u00e1ku zakopan\u00fdho pod schodama v\u016fbec v\u0161iml &#8211; a to je\u0161t\u011b hlavn\u011b proto, \u017ee p\u00e1chnul tak, a\u017e jsem pojal podez\u0159en\u00ed, jestli n\u00e1m nepo\u0161el pes) &#8211; a Karlos u\u017e se vytasil s \u010dl\u00e1nkem z na\u0161eho vyveden\u00e9ho v\u00edkendov\u00e9ho cirkusu. Tak p\u0159\u00edjemn\u00fd po\u010dten\u00ed \ud83d\ude42<\/p><\/blockquote>\n<p>V\u00a0p\u00e1tek 20.\u00a0z\u00e1\u0159\u00ed jsme se op\u011bt vydali na vod\u00e1ck\u00fd v\u00fdlet do k\u00fd\u010dovit\u011b malebn\u00e9 krajiny na\u0161ich ji\u017en\u00edch soused\u016f. Sraz byl v\u00a0podve\u010der v Havl\u00ed\u010dkov\u011b Brod\u011b a v\u0161ichni dorazili v\u010das (sv\u011bte div se \u2013 i Pra\u017e\u00e1k, asi mu B\u00e1ba \u0159ekl, \u017ee jedeme u\u017e v\u00a0poledne). To v\u0161ichni znamen\u00e1 B\u00e1ba, D\u00e1\u0148a, Slunce a Karlos s\u00a0Mi\u0161\u00e1lem (\u0161of\u00e9r) v\u00a0jednom aut\u011b a Dejf, Militantn\u00ed ho\u0161\u00edk, M\u00edra a D\u00e1\u0161a (taky \u0161of\u00e9r) v\u00a0druh\u00e9m aut\u011b. Balen\u00ed a navazov\u00e1n\u00ed prob\u011bhlo skoro vcajk, jenom Karlos (j\u00e1) nena\u0161el sv\u00fd p\u00e1dlo, ale hodn\u00fd strejda Dejf mu p\u016fj\u010dil svoje n\u00e1hradn\u00ed. A pak jsme kone\u010dn\u011b vyrazili. Prvn\u00edm c\u00edlem byl kemp \u00d6tscherland v Lunz Am See. Aby n\u00e1m cesta l\u00e9pe ut\u00edkala, za\u010dali jsme hr\u00e1t z\u00e1bavnou alkoholov\u011bkonzuma\u010dn\u00ed hru \u201eKdo si bude pamatovat Jihlavu, je srab\u201c. Jihlavu si sice pamatuju, ale p\u0159\u00edjezd do kempu ne, a tak rad\u0161i p\u0159ejdu k\u00a0popisu soboty.<\/p>\n<p><img loading=\"lazy\" decoding=\"async\" class=\"size-medium wp-image-298 alignright\" style=\"font-size: 12px; line-height: 18px;\" alt=\"Ybbs03\" src=\"http:\/\/www.worwani.eu\/wp-content\/uploads\/2013\/11\/Ybbs031.jpg\" width=\"300\" height=\"223\" srcset=\"https:\/\/www.worwani.eu\/wp-content\/uploads\/2013\/11\/Ybbs031.jpg 300w, https:\/\/www.worwani.eu\/wp-content\/uploads\/2013\/11\/Ybbs031-201x150.jpg 201w, https:\/\/www.worwani.eu\/wp-content\/uploads\/2013\/11\/Ybbs031-150x111.jpg 150w, https:\/\/www.worwani.eu\/wp-content\/uploads\/2013\/11\/Ybbs031-160x120.jpg 160w\" sizes=\"auto, (max-width: 300px) 100vw, 300px\" \/>R\u00e1no jsme se probudili do zamra\u010den\u00e9ho r\u00e1na, posn\u00eddali a vyrazili na vodu. Dan\u00edk n\u00e1m vybral \u0159eku Ybbs, a to \u00fasek z Holzh\u00fcttenboden do Lunz Am See dlouh\u00fd asi 16 km. Nikdo z\u00a0n\u00e1s to nikdy p\u0159edt\u00edm nejel a ani v\u0161emocn\u00fd strejda Google nepustil moc informac\u00ed a tak n\u00e1m b\u0159\u00ed\u0161ka sv\u00edralo napjat\u00e9 o\u010dek\u00e1v\u00e1n\u00ed. Kr\u00e1tk\u00e9 hled\u00e1n\u00ed n\u00e1stupn\u00edho m\u00edsta n\u00e1m zpest\u0159il m\u00edstn\u00ed domorodec \u010desk\u00e9ho p\u016fvodu, kterej n\u00e1s rad\u0161i pos\u00edlal na Salzu (kter\u00e1 mimochodem tekla nedaleko). Nedali jsme se odradit, na\u0161li p\u011bknou louku na prav\u00e9m b\u0159ehu a \u0161li se pod\u00edvat na \u0159eku. Hned u n\u00e1stupu byla takov\u00e1 p\u011bkn\u00e1 pe\u0159ejka, kter\u00e1 ale u \u010d\u00e1sti v\u00fdpravy nevzbuzovala velkou d\u016fv\u011bru. D\u016fvodem byl pon\u011bkud n\u00edzk\u00fd stav vody. Stav vody byl 208,5 cm na\u00a0vodo\u010dtu v\u00a0G\u00f6stlingu a rozhodn\u011b by to je\u0161t\u011b aspo\u0148 15 \u010d\u00edsel sneslo. Nakonec p\u016flka nastoupila nad pe\u0159ejkou a p\u016flka pod. V\u00fdsledkem byla jedna krysa a to m\u016fj b\u0159ehul\u00e1k. Jinak to byla \u0159eka na pohodu, m\u011bla docela slu\u0161n\u00fd sp\u00e1d a m\u00edt vic vody, bylo by tam p\u00e1r vzru\u0161uj\u00edc\u00edch m\u00edst. I tak n\u00e1m Dejf vyst\u0159ihnul jeden uk\u00e1zkovej eskym\u00e1\u010dek. Cestu n\u00e1m zpest\u0159oval i M\u00edra, kter\u00e9ho v\u00a0jeho vyp\u016fj\u010den\u00e9m kajaku furt bolely nohy a tak furt zastavoval a protahoval se. Jeho muka dos\u00e1hla t\u00e9 \u00farovn\u011b, \u017ee se v\u00a0p\u016flce cesty sebral, hodil lo\u010f na rameno a \u0161el na cestu lovit doprovodn\u00e1 vozidla. My jsme neohro\u017een\u011b pokra\u010dovali a\u017e k\u00a0c\u00edli, kter\u00fd se nach\u00e1zel p\u0159\u00edmo u kempu v Lunz Am See. Zbytek odpoledne jsme papkali a bumbali v\u0161echno co jsme na\u0161li a diskutovali jsme o nejr\u016fzn\u011bj\u0161\u00ed problematice. N\u011bkdy b\u011bhem tohoto \u0159e\u0161en\u00ed sv\u011btov\u00fdch probl\u00e9m\u016f se zjevila my\u0161lenka, \u017ee jsme u\u017e dlouho nebyli na Salze a \u017ee je tam dobr\u00e1 voda.<\/p>\n<p><img loading=\"lazy\" decoding=\"async\" class=\"size-medium wp-image-300 alignleft\" style=\"font-size: 12px; line-height: 18px;\" alt=\"Ybbs09\" src=\"http:\/\/www.worwani.eu\/wp-content\/uploads\/2013\/11\/Ybbs091.jpg\" width=\"300\" height=\"225\" srcset=\"https:\/\/www.worwani.eu\/wp-content\/uploads\/2013\/11\/Ybbs091.jpg 300w, https:\/\/www.worwani.eu\/wp-content\/uploads\/2013\/11\/Ybbs091-200x150.jpg 200w, https:\/\/www.worwani.eu\/wp-content\/uploads\/2013\/11\/Ybbs091-150x112.jpg 150w, https:\/\/www.worwani.eu\/wp-content\/uploads\/2013\/11\/Ybbs091-160x120.jpg 160w\" sizes=\"auto, (max-width: 300px) 100vw, 300px\" \/>A tak jsme r\u00e1no velmi \u010dasn\u011b vstali, p\u0159ejeli asi 40\u00a0km na Salzu a u\u017e asi o p\u016fl 10 jsme byli na soutoku s\u00a0Lassingem. Voda byla fakt docela p\u011bkn\u00e1, asi 185 cm. Sestava byla stejn\u00e1 jako v\u00a0sobotu, jen M\u00edra se rozhodl \u0161et\u0159it sv\u00e9 zmu\u010den\u00e9 t\u011blo a doprov\u00e1zel \u0159idi\u010de. N\u00e1m to p\u011bkn\u011b fr\u010delo, u\u017e\u00edvali jsme si velk\u00fd vlny a sem tam\u00a0v\u00e1le\u010dek. V\u00a0rekordn\u00edm \u010dase jsme dorazili ke sk\u00e1kac\u00ed l\u00e1vce, kde se motalan\u011bjak\u00e1 fe\u0161n\u00e1 raku\u0161anda s\u00a0fo\u0165\u00e1kem. Militant se Sl\u016f\u0148ou j\u00ed hned za\u010dali nab\u00edzet, \u017ee j\u00ed p\u0159edvedou n\u011bco, co je\u0161t\u011b nevid\u011bla. D\u011bv\u010de p\u0159ejelo pohledem jejich urostl\u00e9 postavy a nad\u0161en\u011b p\u0159ik\u00fdvlo. K\u00a0jej\u00edmu velk\u00e9mu zklam\u00e1n\u00ed v\u0161ak ty dva janta\u0159i vylezli s\u00a0kajakama na l\u00e1vku, spadli dol\u016f do vody a ani neeskymovali. Hol\u010dina zklaman\u011b zam\u00e1vala a vzala roha.\u00a0<img loading=\"lazy\" decoding=\"async\" class=\"size-medium wp-image-299 alignright\" style=\"font-size: 12px; line-height: 18px;\" alt=\"Ybbs06\" src=\"http:\/\/www.worwani.eu\/wp-content\/uploads\/2013\/11\/Ybbs061.jpg\" width=\"181\" height=\"265\" srcset=\"https:\/\/www.worwani.eu\/wp-content\/uploads\/2013\/11\/Ybbs061.jpg 181w, https:\/\/www.worwani.eu\/wp-content\/uploads\/2013\/11\/Ybbs061-102x150.jpg 102w\" sizes=\"auto, (max-width: 181px) 100vw, 181px\" \/><\/p>\n<p>A tak jsme i my posb\u00edrali na\u0161ich p\u00e1r \u0161vestek a valili d\u00e1l. V\u00a0sout\u011bsk\u00e1ch p\u0159ibylo v\u00e1le\u010dk\u016f, ale v\u011bt\u0161inou jsme je zvl\u00e1dali bravurn\u011b, jen j\u00e1 jsem v\u00a0jednom v\u00e1lci za\u010dal p\u0159edv\u00e1d\u011bt roztodivn\u00e9 kejkle, na\u0161t\u011bst\u00ed bez \u00fajmy na zdrav\u00ed a cti. Kolem ob\u011bda jsme p\u0159\u00edjemnou proj\u00ed\u017e\u010fku zakon\u010dili tradi\u010dn\u011b\u00a0nep\u0159\u00edjemn\u00fdm v\u00fdstupem do kempu v\u00a0Palfau. Tam jsme dali ob\u011bd a jeli dom\u016f, do \u010cech, do pr&#8230;&#8230;. to byla zase kr\u00e1sa.<\/p>\n<p>D\u00edk ho\u0161i (i D\u00e1\u0161o) za dal\u0161\u00ed p\u011bknej vod\u00e1cej vejlet.<\/p>\n","protected":false},"excerpt":{"rendered":"<p><img loading=\"lazy\" decoding=\"async\" class=\"size-medium wp-image-297 alignleft\" style=\"line-height: 18px; font-style: normal; font-size: 12px;\" alt=\"Ybbs02\" src=\"http:\/\/www.worwani.eu\/wp-content\/uploads\/2013\/11\/Ybbs021-300x198.jpg\" width=\"300\" height=\"198\" srcset=\"https:\/\/www.worwani.eu\/wp-content\/uploads\/2013\/11\/Ybbs021-300x198.jpg 300w, https:\/\/www.worwani.eu\/wp-content\/uploads\/2013\/11\/Ybbs021-226x150.jpg 226w, https:\/\/www.worwani.eu\/wp-content\/uploads\/2013\/11\/Ybbs021-150x99.jpg 150w, https:\/\/www.worwani.eu\/wp-content\/uploads\/2013\/11\/Ybbs021-120x80.jpg 120w, https:\/\/www.worwani.eu\/wp-content\/uploads\/2013\/11\/Ybbs021.jpg 320w\" sizes=\"auto, (max-width: 300px) 100vw, 300px\" \/>Je\u0161t\u011b mi ani neuschlo hydro (pravda, jenom t\u0159i dny mi trvalo, ne\u017e jsem si toho lo\u010f\u00e1ku zakopan\u00fdho pod schodama v\u016fbec v\u0161iml &#8211; a to je\u0161t\u011b hlavn\u011b proto, \u017ee p\u00e1chnul tak, a\u017e jsem pojal podez\u0159en\u00ed, jestli n\u00e1m nepo\u0161el pes) &#8211; a Karlos u\u017e se vytasil s \u010dl\u00e1nkem z na\u0161eho vyveden\u00e9ho v\u00edkendov\u00e9ho cirkusu. Tak p\u0159\u00edjemn\u00fd po\u010dten\u00ed \ud83d\ude42<\/p>\n<p>V\u00a0p\u00e1tek 20.\u00a0z\u00e1\u0159\u00ed jsme se op\u011bt vydali na vod\u00e1ck\u00fd v\u00fdlet do k\u00fd\u010dovit\u011b malebn\u00e9 krajiny na\u0161ich  \u2026 <a href=\"https:\/\/www.worwani.eu\/?page_id=82\">pro pokra\u010dov\u00e1n\u00ed ve \u010dten\u00ed klikn\u011bte tady&#8230; <span class=\"meta-nav\">&rarr; <\/span><\/a><\/p>\n","protected":false},"author":1,"featured_media":182,"parent":75,"menu_order":0,"comment_status":"open","ping_status":"open","template":"","meta":{"_bbp_topic_count":0,"_bbp_reply_count":0,"_bbp_total_topic_count":0,"_bbp_total_reply_count":0,"_bbp_voice_count":0,"_bbp_anonymous_reply_count":0,"_bbp_topic_count_hidden":0,"_bbp_reply_count_hidden":0,"_bbp_forum_subforum_count":0,"footnotes":""},"class_list":["post-82","page","type-page","status-publish","has-post-thumbnail","hentry"],"_links":{"self":[{"href":"https:\/\/www.worwani.eu\/index.php?rest_route=\/wp\/v2\/pages\/82","targetHints":{"allow":["GET"]}}],"collection":[{"href":"https:\/\/www.worwani.eu\/index.php?rest_route=\/wp\/v2\/pages"}],"about":[{"href":"https:\/\/www.worwani.eu\/index.php?rest_route=\/wp\/v2\/types\/page"}],"author":[{"embeddable":true,"href":"https:\/\/www.worwani.eu\/index.php?rest_route=\/wp\/v2\/users\/1"}],"replies":[{"embeddable":true,"href":"https:\/\/www.worwani.eu\/index.php?rest_route=%2Fwp%2Fv2%2Fcomments&post=82"}],"version-history":[{"count":8,"href":"https:\/\/www.worwani.eu\/index.php?rest_route=\/wp\/v2\/pages\/82\/revisions"}],"predecessor-version":[{"id":85,"href":"https:\/\/www.worwani.eu\/index.php?rest_route=\/wp\/v2\/pages\/82\/revisions\/85"}],"up":[{"embeddable":true,"href":"https:\/\/www.worwani.eu\/index.php?rest_route=\/wp\/v2\/pages\/75"}],"wp:featuredmedia":[{"embeddable":true,"href":"https:\/\/www.worwani.eu\/index.php?rest_route=\/wp\/v2\/media\/182"}],"wp:attachment":[{"href":"https:\/\/www.worwani.eu\/index.php?rest_route=%2Fwp%2Fv2%2Fmedia&parent=82"}],"curies":[{"name":"wp","href":"https:\/\/api.w.org\/{rel}","templated":true}]}}