{"id":59,"date":"2013-11-13T09:16:35","date_gmt":"2013-11-13T08:16:35","guid":{"rendered":"http:\/\/www.worwani.eu\/?page_id=59"},"modified":"2023-01-19T16:30:20","modified_gmt":"2023-01-19T15:30:20","slug":"historie","status":"publish","type":"page","link":"https:\/\/www.worwani.eu\/?page_id=59","title":{"rendered":"Historie"},"content":{"rendered":"<p><strong>Prav\u011bk:<\/strong><\/p>\n<p>Zhruba p\u0159ed 30 lety p\u016fsobila na Havl\u00ed\u010dkobrodsku ryze folkov\u00e1 skupina Kejkl\u00ed\u0159i. Hr\u00e1li leccos, dokonce i \u0159adu vlastn\u00edch, pom\u011brn\u011b zda\u0159il\u00fdch kousk\u016f. V t\u00e9to kapele vynikali zejm\u00e9na dva kytarov\u00ed polobozi, Bezi a Marv\u00e1nek&#8230;<\/p>\n<p><strong>St\u0159edov\u011bk:<\/strong><\/p>\n<p>Kdy\u017e se Kejkl\u00ed\u0159i pomalinku za\u010dali rozpadat, ud\u011blali mohutn\u00fd n\u00e1bor nov\u00fdch sil a tak jsem se do kapely infiltroval j\u00e1 (D\u00e1\u0148a), J\u00e9\u0148ucha a o n\u011bco m\u00e1lo pozd\u011bji i Pafka. To byla naprosto v\u00fdborn\u00e1 doba. Stra\u0161n\u011b jsme si vyhr\u00e1li s vlastn\u00edmi p\u00edsni\u010dkami, jezdili jsme hr\u00e1t na k\u0161eft na farmu do B\u011blokozl\u016f, do Samop\u0161\u00ed, z\u00fa\u010dastnili se folkov\u00e9 Zahrady, hr\u00e1li na Land\u0161tejn\u011b, na Lipnici atd. atd. V t\u00e9 dob\u011b jsme taky koupili vlastn\u00ed apar\u00e1t.<\/p>\n<p><strong>Novov\u011bk:<\/strong><\/p>\n<p>Po n\u011bjak\u00e9 dob\u011b jsme se v\u0161ichni rozutekli do sv\u011bta a z\u016fstalo jen u p\u0159\u00edle\u017eitostn\u00e9ho n\u00e1razov\u00e9ho hran\u00ed. V\u00fdjimkou bylo pom\u011brn\u011b kr\u00e1tk\u00e9, ale o to intenzivn\u011bj\u0161\u00ed obdob\u00ed s buben\u00edkem Lubo\u0161em, se kter\u00fdm jsem v t\u00e9 dob\u011b hr\u00e1l ve Variaci a anga\u017eoval ho u n\u00e1s. To vyvrcholilo velkolep\u011b pojat\u00fdm countryb\u00e1lem ve Vil\u00e9mov\u011b, kter\u00fd jsme po\u0159\u00e1dali ve vlastn\u00ed re\u017eii. Tu\u0161\u00edm, \u017ee n\u011bkdy tou dobou jsme se p\u0159ejmenovali na ChroChroone (to m\u011blo d\u011blat alibi na\u0161emu n\u011bkdy trochu uj\u00ed\u017ed\u011bj\u00edc\u00edmu zp\u011bvu). Postupn\u011b jsme hr\u00e1li \u010d\u00edm d\u00e1l m\u00ed\u0148 a ke konci tohoto obdob\u00ed se rozlou\u010dili s Marv\u00e1nkem.<\/p>\n<p><strong>L\u00e9ta ned\u00e1vn\u00e1:&nbsp;<\/strong><\/p>\n<p style=\"text-align: left;\">Postupn\u011b s n\u00e1mi \u010d\u00edm d\u00e1l \u010dast\u011bji hr\u00e1val B\u00e1ba. Kapela se p\u011bvecky zna\u010dn\u011b zvedla, ob\u010das jsme se pokusili i o n\u011bjakou pravidelnost ve zkou\u0161en\u00ed a o hran\u00ed na k\u0161eft. N\u011bkdy na ja\u0159e 2012 jsme obnovili ka\u017edot\u00fddenn\u00ed zkou\u0161en\u00ed, p\u0159ejmenovali se na WorWan\u011b a tot\u00e1ln\u011b p\u0159ekopali reperto\u00e1r. Jako regul\u00e9rn\u00edho \u010dlena jsme v t\u00e9 dob\u011b p\u0159ijali Dejva a na sklonku roku se nakonec rozlou\u010dili s Bezim. Ned\u00e1vno s n\u00e1mi nast\u00e1lo za\u010dal hr\u00e1t Zlatnickej (Michal) \ud83d\ude42<\/p>\n<p style=\"text-align: center;\"><a href=\"http:\/\/www.worwani.eu\/wp-content\/uploads\/2013\/11\/P1030175.jpg\"><img loading=\"lazy\" decoding=\"async\" class=\"size-medium wp-image-790 aligncenter\" style=\"font-size: 12px; line-height: 18px;\" src=\"http:\/\/www.worwani.eu\/wp-content\/uploads\/2013\/11\/P1030175-300x200.jpg\" alt=\"P1030175\" width=\"300\" height=\"200\" srcset=\"https:\/\/www.worwani.eu\/wp-content\/uploads\/2013\/11\/P1030175-300x200.jpg 300w, https:\/\/www.worwani.eu\/wp-content\/uploads\/2013\/11\/P1030175-1024x684.jpg 1024w, https:\/\/www.worwani.eu\/wp-content\/uploads\/2013\/11\/P1030175-224x150.jpg 224w, https:\/\/www.worwani.eu\/wp-content\/uploads\/2013\/11\/P1030175-150x100.jpg 150w, https:\/\/www.worwani.eu\/wp-content\/uploads\/2013\/11\/P1030175-120x80.jpg 120w\" sizes=\"auto, (max-width: 300px) 100vw, 300px\" \/><\/a><\/p>\n\n\n<p><strong>Aktu\u00e1ln\u011b:<\/strong><\/p>\n\n\n\n<p>Na podzim r. 2022 jsme se po deseti letech rozlou\u010dili s Dejvem a nedlouho potom p\u0159ijali do kapely Zdendu a za\u010dali zkou\u0161et s bic\u00edma. I d\u00edky n\u011bmu jsme museli znovu mohutn\u011b zainvestovat do aparatury.      K aktivk\u00e1m RCF p\u0159ibyl v zim\u011b novej mazlik, subwoofer Mackie, 1600W. Nav\u00edc jsme podstatn\u011b p\u0159ekopali velkou \u010d\u00e1st reperto\u00e1ru, tak\u017ee od roku 2023 to budou \u00fapln\u011b jin\u00ed WorWan\u00ed \ud83d\ude42<\/p>\n","protected":false},"excerpt":{"rendered":"<p><strong>Prav\u011bk:<\/strong><\/p>\n<p>Zhruba p\u0159ed 30 lety p\u016fsobila na Havl\u00ed\u010dkobrodsku ryze folkov\u00e1 skupina Kejkl\u00ed\u0159i. Hr\u00e1li leccos, dokonce i \u0159adu vlastn\u00edch, pom\u011brn\u011b zda\u0159il\u00fdch kousk\u016f. V t\u00e9to kapele vynikali zejm\u00e9na dva kytarov\u00ed polobozi, Bezi a Marv\u00e1nek&#8230;<\/p>\n<p><strong>St\u0159edov\u011bk:<\/strong><\/p>\n<p>Kdy\u017e se Kejkl\u00ed\u0159i pomalinku za\u010dali rozpadat, ud\u011blali mohutn\u00fd n\u00e1bor nov\u00fdch sil a tak jsem se do kapely infiltroval j\u00e1 (D\u00e1\u0148a), J\u00e9\u0148ucha a o n\u011bco m\u00e1lo pozd\u011bji i Pafka. To byla naprosto v\u00fdborn\u00e1 doba. Stra\u0161n\u011b jsme si vyhr\u00e1li s vlastn\u00edmi p\u00edsni\u010dkami, jezdili jsme hr\u00e1t na k\u0161eft na farmu do B\u011blokozl\u016f, do Samop\u0161\u00ed, z\u00fa\u010dastnili se folkov\u00e9 Zahrady, hr\u00e1li na Land\u0161tejn\u011b, na Lipnici atd. atd. V t\u00e9 dob\u011b jsme taky  \u2026 <a href=\"https:\/\/www.worwani.eu\/?page_id=59\">pro pokra\u010dov\u00e1n\u00ed ve \u010dten\u00ed klikn\u011bte tady&#8230; <span class=\"meta-nav\">&rarr; <\/span><\/a><\/p>\n","protected":false},"author":2,"featured_media":0,"parent":46,"menu_order":0,"comment_status":"open","ping_status":"open","template":"","meta":{"_bbp_topic_count":0,"_bbp_reply_count":0,"_bbp_total_topic_count":0,"_bbp_total_reply_count":0,"_bbp_voice_count":0,"_bbp_anonymous_reply_count":0,"_bbp_topic_count_hidden":0,"_bbp_reply_count_hidden":0,"_bbp_forum_subforum_count":0,"footnotes":""},"class_list":["post-59","page","type-page","status-publish","hentry"],"_links":{"self":[{"href":"https:\/\/www.worwani.eu\/index.php?rest_route=\/wp\/v2\/pages\/59","targetHints":{"allow":["GET"]}}],"collection":[{"href":"https:\/\/www.worwani.eu\/index.php?rest_route=\/wp\/v2\/pages"}],"about":[{"href":"https:\/\/www.worwani.eu\/index.php?rest_route=\/wp\/v2\/types\/page"}],"author":[{"embeddable":true,"href":"https:\/\/www.worwani.eu\/index.php?rest_route=\/wp\/v2\/users\/2"}],"replies":[{"embeddable":true,"href":"https:\/\/www.worwani.eu\/index.php?rest_route=%2Fwp%2Fv2%2Fcomments&post=59"}],"version-history":[{"count":12,"href":"https:\/\/www.worwani.eu\/index.php?rest_route=\/wp\/v2\/pages\/59\/revisions"}],"predecessor-version":[{"id":2743,"href":"https:\/\/www.worwani.eu\/index.php?rest_route=\/wp\/v2\/pages\/59\/revisions\/2743"}],"up":[{"embeddable":true,"href":"https:\/\/www.worwani.eu\/index.php?rest_route=\/wp\/v2\/pages\/46"}],"wp:attachment":[{"href":"https:\/\/www.worwani.eu\/index.php?rest_route=%2Fwp%2Fv2%2Fmedia&parent=59"}],"curies":[{"name":"wp","href":"https:\/\/api.w.org\/{rel}","templated":true}]}}